{"id":364,"date":"2023-01-30T20:38:20","date_gmt":"2023-01-30T19:38:20","guid":{"rendered":"http:\/\/ecolemusiqueaucamville.fr\/?page_id=364"},"modified":"2023-02-02T09:58:46","modified_gmt":"2023-02-02T08:58:46","slug":"evenements","status":"publish","type":"page","link":"https:\/\/ecolemusiqueaucamville.fr\/index.php\/evenements\/","title":{"rendered":"\u00c9v\u00e9nements"},"content":{"rendered":"<p>[et_pb_section fb_built=\u00a0\u00bb1&Prime; _builder_version=\u00a0\u00bb4.17.6&Prime; _module_preset=\u00a0\u00bbdefault\u00a0\u00bb background_image=\u00a0\u00bbhttp:\/\/ecolemusiqueaucamville.fr\/wp-content\/uploads\/2023\/01\/evenements-ecole-de-musique-aucamville-scaled.jpg\u00a0\u00bb min_height=\u00a0\u00bb365px\u00a0\u00bb global_colors_info=\u00a0\u00bb{}\u00a0\u00bb][et_pb_row _builder_version=\u00a0\u00bb4.17.6&Prime; _module_preset=\u00a0\u00bbdefault\u00a0\u00bb custom_padding=\u00a0\u00bb4vw||||false|false\u00a0\u00bb global_colors_info=\u00a0\u00bb{}\u00a0\u00bb][et_pb_column type=\u00a0\u00bb4_4&Prime; _builder_version=\u00a0\u00bb4.17.6&Prime; _module_preset=\u00a0\u00bbdefault\u00a0\u00bb global_colors_info=\u00a0\u00bb{}\u00a0\u00bb][et_pb_text _builder_version=\u00a0\u00bb4.17.6&Prime; _module_preset=\u00a0\u00bbdefault\u00a0\u00bb header_font=\u00a0\u00bb|700||on|||||\u00a0\u00bb header_text_align=\u00a0\u00bbcenter\u00a0\u00bb header_text_color=\u00a0\u00bb#FFFFFF\u00a0\u00bb header_font_size=\u00a0\u00bb46px\u00a0\u00bb header_text_shadow_style=\u00a0\u00bbpreset3&Prime; global_colors_info=\u00a0\u00bb{}\u00a0\u00bb]<\/p>\n<h1>Le calendrier des \u00e9v\u00e9nements<\/h1>\n<p>[\/et_pb_text][\/et_pb_column][\/et_pb_row][\/et_pb_section][et_pb_section fb_built=\u00a0\u00bb1&Prime; _builder_version=\u00a0\u00bb4.17.6&Prime; _module_preset=\u00a0\u00bbdefault\u00a0\u00bb global_colors_info=\u00a0\u00bb{}\u00a0\u00bb][et_pb_row _builder_version=\u00a0\u00bb4.17.6&Prime; _module_preset=\u00a0\u00bbdefault\u00a0\u00bb global_colors_info=\u00a0\u00bb{}\u00a0\u00bb][et_pb_column type=\u00a0\u00bb4_4&Prime; _builder_version=\u00a0\u00bb4.17.6&Prime; _module_preset=\u00a0\u00bbdefault\u00a0\u00bb global_colors_info=\u00a0\u00bb{}\u00a0\u00bb][et_pb_text _builder_version=\u00a0\u00bb4.17.6&Prime; _module_preset=\u00a0\u00bbdefault\u00a0\u00bb text_text_color=\u00a0\u00bbgcid-53f6a71c-fadb-40f0-9a95-40dc81a1989f\u00a0\u00bb text_line_height=\u00a0\u00bb1.6em\u00a0\u00bb header_3_font=\u00a0\u00bb|600|||||||\u00a0\u00bb header_3_text_color=\u00a0\u00bbgcid-2e8c7558-5bf9-4446-839f-9dbccf77094f\u00a0\u00bb global_colors_info=\u00a0\u00bb{%22gcid-53f6a71c-fadb-40f0-9a95-40dc81a1989f%22:%91%22text_text_color%22%93,%22gcid-2e8c7558-5bf9-4446-839f-9dbccf77094f%22:%91%22header_3_text_color%22%93}\u00a0\u00bb]<\/p>\n<h3><span>Les \u00e9v\u00e9nements de l&rsquo;\u00e9cole de musique<\/span><\/h3>\n<p><span><\/span><\/p>\n<p>l&rsquo;\u00e9cole de musique d&rsquo;Aucamville, tout au long de l\u2019ann\u00e9e des auditions sont r\u00e9alis\u00e9es dans le cadre d\u2019un projet p\u00e9dagogique pour le suivi personnalis\u00e9 de chaque \u00e9l\u00e8ve. La dynamique de l\u2019\u00e9cole repose sur\u00a0des \u00e9changes r\u00e9guliers de cours individuels, l\u2019animation d\u2019ateliers en groupe, des cours collectifs de formation musicale\u2026 Mais aussi un calendrier d\u2019\u00e9v\u00e8nements, tous les ans.<\/p>\n<p>[\/et_pb_text][\/et_pb_column][\/et_pb_row][et_pb_row column_structure=\u00a0\u00bb1_4,1_4,1_4,1_4&Prime; _builder_version=\u00a0\u00bb4.17.6&Prime; _module_preset=\u00a0\u00bbdefault\u00a0\u00bb global_colors_info=\u00a0\u00bb{}\u00a0\u00bb][et_pb_column type=\u00a0\u00bb1_4&Prime; _builder_version=\u00a0\u00bb4.17.6&Prime; _module_preset=\u00a0\u00bbdefault\u00a0\u00bb global_colors_info=\u00a0\u00bb{}\u00a0\u00bb][et_pb_text _builder_version=\u00a0\u00bb4.17.6&Prime; _module_preset=\u00a0\u00bbdefault\u00a0\u00bb text_text_color=\u00a0\u00bbgcid-53f6a71c-fadb-40f0-9a95-40dc81a1989f\u00a0\u00bb global_colors_info=\u00a0\u00bb{%22gcid-53f6a71c-fadb-40f0-9a95-40dc81a1989f%22:%91%22text_text_color%22%93}\u00a0\u00bb]<\/p>\n<p style=\"text-align: center;\">En d\u00e9cembre, les \u00e9l\u00e8ves le notre \u00e9cole donnent un concert de No\u00ebl. Ce concert est gratuit et ouvert \u00e0\u00a0tous pour \u00e9couter nos talents aucamvillois.<\/p>\n<p>&nbsp;<\/p>\n<p>[\/et_pb_text][\/et_pb_column][et_pb_column type=\u00a0\u00bb1_4&Prime; _builder_version=\u00a0\u00bb4.17.6&Prime; _module_preset=\u00a0\u00bbdefault\u00a0\u00bb global_colors_info=\u00a0\u00bb{}\u00a0\u00bb][et_pb_text _builder_version=\u00a0\u00bb4.17.6&Prime; _module_preset=\u00a0\u00bbdefault\u00a0\u00bb text_text_color=\u00a0\u00bbgcid-53f6a71c-fadb-40f0-9a95-40dc81a1989f\u00a0\u00bb global_colors_info=\u00a0\u00bb{%22gcid-53f6a71c-fadb-40f0-9a95-40dc81a1989f%22:%91%22text_text_color%22%93}\u00a0\u00bb]<\/p>\n<p style=\"text-align: center;\">En janvier ou f\u00e9vrier, nous organisons le concert des professeurs sur une th\u00e9matique\u00a0annuelle avec des morceaux de leurs propres compositions\u00a0;<\/p>\n<p>[\/et_pb_text][\/et_pb_column][et_pb_column type=\u00a0\u00bb1_4&Prime; _builder_version=\u00a0\u00bb4.17.6&Prime; _module_preset=\u00a0\u00bbdefault\u00a0\u00bb global_colors_info=\u00a0\u00bb{}\u00a0\u00bb][et_pb_text _builder_version=\u00a0\u00bb4.17.6&Prime; _module_preset=\u00a0\u00bbdefault\u00a0\u00bb text_text_color=\u00a0\u00bbgcid-53f6a71c-fadb-40f0-9a95-40dc81a1989f\u00a0\u00bb global_colors_info=\u00a0\u00bb{%22gcid-53f6a71c-fadb-40f0-9a95-40dc81a1989f%22:%91%22text_text_color%22%93}\u00a0\u00bb]<\/p>\n<p style=\"text-align: center;\">En mai, pour le week-end de l\u2019ascension, nous proposons \u00e0 nos \u00e9l\u00e8ves, aux \u00e9l\u00e8ves des\u00a0\u00e9coles voisines et aux \u00e9l\u00e8ves du conservatoire de se retrouver lors d\u2019un stage demusique pour partager leur passion lors d\u2019ateliers et de b\u0153ufs musicaux par niveau\u00a0;<\/p>\n<p>[\/et_pb_text][\/et_pb_column][et_pb_column type=\u00a0\u00bb1_4&Prime; _builder_version=\u00a0\u00bb4.17.6&Prime; _module_preset=\u00a0\u00bbdefault\u00a0\u00bb global_colors_info=\u00a0\u00bb{}\u00a0\u00bb][et_pb_text _builder_version=\u00a0\u00bb4.17.6&Prime; _module_preset=\u00a0\u00bbdefault\u00a0\u00bb text_text_color=\u00a0\u00bb#001524&Prime; global_colors_info=\u00a0\u00bb{}\u00a0\u00bb]<\/p>\n<p style=\"text-align: center;\">En juin, pour la f\u00eate de la musique, nous cl\u00f4turons l\u2019ann\u00e9e avec le spectacle de fin\u00a0d\u2019ann\u00e9e de l\u2019\u00e9cole ouvert \u00e0 tous.<\/p>\n<p>[\/et_pb_text][\/et_pb_column][\/et_pb_row][\/et_pb_section][et_pb_section fb_built=\u00a0\u00bb1&Prime; _builder_version=\u00a0\u00bb4.17.6&Prime; _module_preset=\u00a0\u00bbdefault\u00a0\u00bb background_color=\u00a0\u00bbgcid-46d41c9e-788d-4b4a-9347-e517030fd73e\u00a0\u00bb top_divider_style=\u00a0\u00bbwaves2&Prime; top_divider_color=\u00a0\u00bb#FFFFFF\u00a0\u00bb global_colors_info=\u00a0\u00bb{%22gcid-2e8c7558-5bf9-4446-839f-9dbccf77094f%22:%91%22top_divider_color%22%93,%22gcid-46d41c9e-788d-4b4a-9347-e517030fd73e%22:%91%22background_color%22%93}\u00a0\u00bb][et_pb_row column_structure=\u00a0\u00bb1_2,1_2&Prime; _builder_version=\u00a0\u00bb4.17.6&Prime; _module_preset=\u00a0\u00bbdefault\u00a0\u00bb custom_margin=\u00a0\u00bb50px||||false|false\u00a0\u00bb custom_padding=\u00a0\u00bb||||false|false\u00a0\u00bb global_colors_info=\u00a0\u00bb{}\u00a0\u00bb][et_pb_column type=\u00a0\u00bb1_2&Prime; _builder_version=\u00a0\u00bb4.17.6&Prime; _module_preset=\u00a0\u00bbdefault\u00a0\u00bb global_colors_info=\u00a0\u00bb{}\u00a0\u00bb][et_pb_text _builder_version=\u00a0\u00bb4.17.6&Prime; _module_preset=\u00a0\u00bbdefault\u00a0\u00bb text_text_color=\u00a0\u00bbgcid-53f6a71c-fadb-40f0-9a95-40dc81a1989f\u00a0\u00bb text_line_height=\u00a0\u00bb1em\u00a0\u00bb header_2_font=\u00a0\u00bbAlata||||||||\u00a0\u00bb header_2_text_color=\u00a0\u00bbgcid-2e8c7558-5bf9-4446-839f-9dbccf77094f\u00a0\u00bb header_2_font_size=\u00a0\u00bb32px\u00a0\u00bb header_4_font=\u00a0\u00bb||||||||\u00a0\u00bb header_4_text_color=\u00a0\u00bbgcid-7126f92a-8412-4427-8e4d-cd4026bd13cc\u00a0\u00bb global_colors_info=\u00a0\u00bb{%22gcid-53f6a71c-fadb-40f0-9a95-40dc81a1989f%22:%91%22text_text_color%22%93,%22gcid-7126f92a-8412-4427-8e4d-cd4026bd13cc%22:%91%22header_4_text_color%22%93,%22gcid-2e8c7558-5bf9-4446-839f-9dbccf77094f%22:%91%22header_2_text_color%22%93}\u00a0\u00bb]<\/p>\n<h2 style=\"text-align: left;\">O\u00f9 nous trouver ?<\/h2>\n<p>[\/et_pb_text][et_pb_text _builder_version=\u00a0\u00bb4.17.6&Prime; _module_preset=\u00a0\u00bbdefault\u00a0\u00bb text_text_color=\u00a0\u00bb#000000&Prime; text_line_height=\u00a0\u00bb1em\u00a0\u00bb header_2_font=\u00a0\u00bbAlata||||||||\u00a0\u00bb header_2_text_color=\u00a0\u00bbgcid-2e8c7558-5bf9-4446-839f-9dbccf77094f\u00a0\u00bb header_2_font_size=\u00a0\u00bb32px\u00a0\u00bb header_4_font=\u00a0\u00bb||||||||\u00a0\u00bb header_4_text_color=\u00a0\u00bbgcid-7126f92a-8412-4427-8e4d-cd4026bd13cc\u00a0\u00bb global_colors_info=\u00a0\u00bb{%22gcid-2e8c7558-5bf9-4446-839f-9dbccf77094f%22:%91%22header_2_text_color%22%93,%22gcid-7126f92a-8412-4427-8e4d-cd4026bd13cc%22:%91%22header_4_text_color%22%93}\u00a0\u00bb]<\/p>\n<p>T\u00e9l\u00e9phone du secr\u00e9tariat : 05.61.70.94.44<\/p>\n<p>Notre secr\u00e9tariat est ouvert du lundi au vendredi de 14h \u00e0 19h (hors p\u00e9riode de vacances scolaires).<\/p>\n<p>Nos cours se d\u00e9roulent au :<\/p>\n<p>Centre Alain Savary<br \/>8 rue des \u00e9coles<br \/>31140 Aucamville<\/p>\n<p>Vous souhaitez nous envoyer un courrier ? Voici notre adresse postale :<\/p>\n<p>Ecole de Musique d&rsquo;Aucamville<br \/>Mairie d&rsquo;Aucamville<br \/>CS 80213<br \/>31142 SAINT-ALBAN Cedex<\/p>\n<p>&nbsp;<\/p>\n<p>[\/et_pb_text][\/et_pb_column][et_pb_column type=\u00a0\u00bb1_2&Prime; _builder_version=\u00a0\u00bb4.17.6&Prime; _module_preset=\u00a0\u00bbdefault\u00a0\u00bb global_colors_info=\u00a0\u00bb{}\u00a0\u00bb][et_pb_image src=\u00a0\u00bbhttp:\/\/ecolemusiqueaucamville.fr\/wp-content\/uploads\/2022\/07\/Capture-decran-2022-07-28-a-18.34.42.png\u00a0\u00bb title_text=\u00a0\u00bbCapture d\u2019\u00e9cran 2022-07-28 \u00e0 18.34.42&Prime; _builder_version=\u00a0\u00bb4.17.6&Prime; _module_preset=\u00a0\u00bbdefault\u00a0\u00bb global_colors_info=\u00a0\u00bb{}\u00a0\u00bb][\/et_pb_image][\/et_pb_column][\/et_pb_row][\/et_pb_section][et_pb_section fb_built=\u00a0\u00bb1&Prime; _builder_version=\u00a0\u00bb4.17.6&Prime; _module_preset=\u00a0\u00bbdefault\u00a0\u00bb background_color=\u00a0\u00bb#000000&Prime; global_colors_info=\u00a0\u00bb{}\u00a0\u00bb][et_pb_row column_structure=\u00a0\u00bb1_2,1_2&Prime; _builder_version=\u00a0\u00bb4.17.6&Prime; _module_preset=\u00a0\u00bbdefault\u00a0\u00bb custom_margin=\u00a0\u00bb0px||0px||false|false\u00a0\u00bb custom_padding=\u00a0\u00bb||0px||false|false\u00a0\u00bb custom_css_main_element=\u00a0\u00bbdisplay : flex;\u00a0\u00bb global_colors_info=\u00a0\u00bb{}\u00a0\u00bb][et_pb_column type=\u00a0\u00bb1_2&Prime; _builder_version=\u00a0\u00bb4.17.6&Prime; _module_preset=\u00a0\u00bbdefault\u00a0\u00bb global_colors_info=\u00a0\u00bb{}\u00a0\u00bb][et_pb_image src=\u00a0\u00bbhttp:\/\/ecolemusiqueaucamville.fr\/wp-content\/uploads\/2022\/10\/instagram-4.png\u00a0\u00bb title_text=\u00a0\u00bbinstagram-4&Prime; url=\u00a0\u00bbhttps:\/\/instagram.com\/ecolemusiqueaucamville?igshid=YmMyMTA2M2Y=\u00a0\u00bb align=\u00a0\u00bbright\u00a0\u00bb align_tablet=\u00a0\u00bbright\u00a0\u00bb align_phone=\u00a0\u00bbcenter\u00a0\u00bb align_last_edited=\u00a0\u00bbon|desktop\u00a0\u00bb _builder_version=\u00a0\u00bb4.17.6&Prime; _module_preset=\u00a0\u00bbdefault\u00a0\u00bb max_width=\u00a0\u00bb30%\u00a0\u00bb global_colors_info=\u00a0\u00bb{}\u00a0\u00bb][\/et_pb_image][\/et_pb_column][et_pb_column type=\u00a0\u00bb1_2&Prime; _builder_version=\u00a0\u00bb4.17.6&Prime; _module_preset=\u00a0\u00bbdefault\u00a0\u00bb global_colors_info=\u00a0\u00bb{}\u00a0\u00bb][et_pb_image src=\u00a0\u00bbhttp:\/\/ecolemusiqueaucamville.fr\/wp-content\/uploads\/2022\/10\/facebook-4.png\u00a0\u00bb title_text=\u00a0\u00bbfacebook-4&Prime; url=\u00a0\u00bbhttps:\/\/www.facebook.com\/ecolemusiqueaucamville\u00a0\u00bb align_tablet=\u00a0\u00bb\u00a0\u00bb align_phone=\u00a0\u00bbcenter\u00a0\u00bb align_last_edited=\u00a0\u00bbon|phone\u00a0\u00bb _builder_version=\u00a0\u00bb4.17.6&Prime; _module_preset=\u00a0\u00bbdefault\u00a0\u00bb max_width=\u00a0\u00bb30%\u00a0\u00bb global_colors_info=\u00a0\u00bb{}\u00a0\u00bb][\/et_pb_image][\/et_pb_column][\/et_pb_row][et_pb_row column_structure=\u00a0\u00bb1_2,1_2&Prime; _builder_version=\u00a0\u00bb4.17.6&Prime; _module_preset=\u00a0\u00bbdefault\u00a0\u00bb global_colors_info=\u00a0\u00bb{}\u00a0\u00bb][et_pb_column type=\u00a0\u00bb1_2&Prime; _builder_version=\u00a0\u00bb4.17.6&Prime; _module_preset=\u00a0\u00bbdefault\u00a0\u00bb global_colors_info=\u00a0\u00bb{}\u00a0\u00bb][et_pb_signup provider=\u00a0\u00bbmailpoet\u00a0\u00bb mailpoet_list=\u00a0\u00bbadd_new_account\u00a0\u00bb mailpoet_account_name=\u00a0\u00bbadmin4870&Prime; first_name_field=\u00a0\u00bboff\u00a0\u00bb last_name_field=\u00a0\u00bboff\u00a0\u00bb title=\u00a0\u00bbRestez connect\u00e9\u00a0\u00bb button_text=\u00a0\u00bbS&rsquo;inscrire\u00a0\u00bb description=\u00a0\u00bb<\/p>\n<p>Inscrivez-vous \u00e0 notre newsletter et recevez toutes les nouveaut\u00e9s de l&rsquo;\u00e9cole<\/p>\n<p>\u00a0\u00bb _builder_version=\u00a0\u00bb4.17.6&Prime; _module_preset=\u00a0\u00bbdefault\u00a0\u00bb form_field_font_size=\u00a0\u00bb14px\u00a0\u00bb background_enable_color=\u00a0\u00bboff\u00a0\u00bb custom_button=\u00a0\u00bbon\u00a0\u00bb button_text_size=\u00a0\u00bb18px\u00a0\u00bb button_text_color=\u00a0\u00bb#FFFFFF\u00a0\u00bb button_bg_color=\u00a0\u00bbgcid-7126f92a-8412-4427-8e4d-cd4026bd13cc\u00a0\u00bb button_border_width=\u00a0\u00bb0px\u00a0\u00bb button_border_radius=\u00a0\u00bb0px\u00a0\u00bb button_use_icon=\u00a0\u00bboff\u00a0\u00bb custom_margin=\u00a0\u00bb0px|0px|0px|0px|true|true\u00a0\u00bb custom_padding=\u00a0\u00bb0px|0px|0px|0px|true|true\u00a0\u00bb border_radii_fields=\u00a0\u00bbon|0px|0px|0px|0px\u00a0\u00bb global_colors_info=\u00a0\u00bb{%22gcid-7126f92a-8412-4427-8e4d-cd4026bd13cc%22:%91%22button_bg_color%22%93}\u00a0\u00bb][\/et_pb_signup][\/et_pb_column][et_pb_column type=\u00a0\u00bb1_2&Prime; _builder_version=\u00a0\u00bb4.17.6&Prime; _module_preset=\u00a0\u00bbdefault\u00a0\u00bb global_colors_info=\u00a0\u00bb{}\u00a0\u00bb][et_pb_image src=\u00a0\u00bbhttp:\/\/ecolemusiqueaucamville.fr\/wp-content\/uploads\/2022\/07\/LOGOECOLE_BLANC.png\u00a0\u00bb title_text=\u00a0\u00bbLOGOECOLE_BLANC\u00a0\u00bb _builder_version=\u00a0\u00bb4.17.6&Prime; _module_preset=\u00a0\u00bbdefault\u00a0\u00bb max_width=\u00a0\u00bb40%\u00a0\u00bb module_alignment=\u00a0\u00bbcenter\u00a0\u00bb global_colors_info=\u00a0\u00bb{}\u00a0\u00bb][\/et_pb_image][\/et_pb_column][\/et_pb_row][\/et_pb_section]<\/p>\n","protected":false},"excerpt":{"rendered":"<p>Le calendrier des \u00e9v\u00e9nementsLes \u00e9v\u00e9nements de l&rsquo;\u00e9cole de musique l&rsquo;\u00e9cole de musique d&rsquo;Aucamville, tout au long de l\u2019ann\u00e9e des auditions sont r\u00e9alis\u00e9es dans le cadre d\u2019un projet p\u00e9dagogique pour le suivi personnalis\u00e9 de chaque \u00e9l\u00e8ve. La dynamique de l\u2019\u00e9cole repose sur\u00a0des \u00e9changes r\u00e9guliers de cours individuels, l\u2019animation d\u2019ateliers en groupe, des cours collectifs de formation [&hellip;]<\/p>\n","protected":false},"author":1,"featured_media":0,"parent":0,"menu_order":0,"comment_status":"closed","ping_status":"closed","template":"","meta":{"_et_pb_use_builder":"on","_et_pb_old_content":"","_et_gb_content_width":"","footnotes":""},"class_list":["post-364","page","type-page","status-publish","hentry"],"_links":{"self":[{"href":"https:\/\/ecolemusiqueaucamville.fr\/index.php\/wp-json\/wp\/v2\/pages\/364","targetHints":{"allow":["GET"]}}],"collection":[{"href":"https:\/\/ecolemusiqueaucamville.fr\/index.php\/wp-json\/wp\/v2\/pages"}],"about":[{"href":"https:\/\/ecolemusiqueaucamville.fr\/index.php\/wp-json\/wp\/v2\/types\/page"}],"author":[{"embeddable":true,"href":"https:\/\/ecolemusiqueaucamville.fr\/index.php\/wp-json\/wp\/v2\/users\/1"}],"replies":[{"embeddable":true,"href":"https:\/\/ecolemusiqueaucamville.fr\/index.php\/wp-json\/wp\/v2\/comments?post=364"}],"version-history":[{"count":4,"href":"https:\/\/ecolemusiqueaucamville.fr\/index.php\/wp-json\/wp\/v2\/pages\/364\/revisions"}],"predecessor-version":[{"id":372,"href":"https:\/\/ecolemusiqueaucamville.fr\/index.php\/wp-json\/wp\/v2\/pages\/364\/revisions\/372"}],"wp:attachment":[{"href":"https:\/\/ecolemusiqueaucamville.fr\/index.php\/wp-json\/wp\/v2\/media?parent=364"}],"curies":[{"name":"wp","href":"https:\/\/api.w.org\/{rel}","templated":true}]}}